{"id":1981,"date":"2026-03-10T16:19:01","date_gmt":"2026-03-10T16:19:01","guid":{"rendered":"https:\/\/www.pracownialogistyka.pl\/?page_id=1981"},"modified":"2026-03-11T10:07:40","modified_gmt":"2026-03-11T10:07:40","slug":"logistyk-ondemand","status":"publish","type":"page","link":"https:\/\/www.pracownialogistyka.pl\/index.php\/logistyk-ondemand\/","title":{"rendered":"Zewn\u0119trzny Manager Logistyki"},"content":{"rendered":"\t\t<div data-elementor-type=\"wp-page\" data-elementor-id=\"1981\" class=\"elementor elementor-1981\" data-elementor-post-type=\"page\">\n\t\t\t\t\t\t<section class=\"penci-section penci-disSticky penci-structure-22 elementor-section elementor-top-section elementor-element elementor-element-4099294b elementor-section-boxed elementor-section-height-default elementor-section-height-default\" data-id=\"4099294b\" data-element_type=\"section\" data-e-type=\"section\">\n\t\t\t\t\t\t<div class=\"elementor-container elementor-column-gap-default\">\n\t\t\t\t\t<div class=\"penci-ercol-66 penci-ercol-order-1 penci-sticky-ct  elementor-column elementor-col-66 elementor-top-column elementor-element elementor-element-4524a01d\" data-id=\"4524a01d\" data-element_type=\"column\" data-e-type=\"column\">\n\t\t\t<div class=\"elementor-widget-wrap elementor-element-populated\">\n\t\t\t\t\t\t<div class=\"elementor-element elementor-element-60a0e24 elementor-widget elementor-widget-image\" data-id=\"60a0e24\" data-element_type=\"widget\" data-e-type=\"widget\" data-widget_type=\"image.default\">\n\t\t\t\t<div class=\"elementor-widget-container\">\n\t\t\t\t\t\t\t\t\t\t\t\t\t\t\t<img fetchpriority=\"high\" decoding=\"async\" width=\"1024\" height=\"683\" src=\"https:\/\/www.pracownialogistyka.pl\/wp-content\/uploads\/2022\/10\/pexels-karolina-grabowska-5398881-1-1024x683.jpg\" class=\"attachment-large size-large wp-image-1501\" alt=\"\" srcset=\"https:\/\/www.pracownialogistyka.pl\/wp-content\/uploads\/2022\/10\/pexels-karolina-grabowska-5398881-1-1024x683.jpg 1024w, https:\/\/www.pracownialogistyka.pl\/wp-content\/uploads\/2022\/10\/pexels-karolina-grabowska-5398881-1-300x200.jpg 300w, https:\/\/www.pracownialogistyka.pl\/wp-content\/uploads\/2022\/10\/pexels-karolina-grabowska-5398881-1-768x512.jpg 768w\" sizes=\"(max-width: 1024px) 100vw, 1024px\" \/>\t\t\t\t\t\t\t\t\t\t\t\t\t\t\t<\/div>\n\t\t\t\t<\/div>\n\t\t\t\t\t<\/div>\n\t\t<\/div>\n\t\t\t\t<div class=\"penci-ercol-33 penci-ercol-order-2 penci-sticky-sb penci-sidebarSC elementor-column elementor-col-33 elementor-top-column elementor-element elementor-element-1ed6f548\" data-id=\"1ed6f548\" data-element_type=\"column\" data-e-type=\"column\">\n\t\t\t<div class=\"elementor-widget-wrap elementor-element-populated\">\n\t\t\t\t\t\t<div class=\"elementor-element elementor-element-610e29f1 elementor-widget elementor-widget-heading\" data-id=\"610e29f1\" data-element_type=\"widget\" data-e-type=\"widget\" data-widget_type=\"heading.default\">\n\t\t\t\t<div class=\"elementor-widget-container\">\n\t\t\t\t\t<h1 class=\"elementor-heading-title elementor-size-default\"><span style=\"font-size: 24px\">Zewn\u0119trzny Manager Logistyki<\/span><\/h1>\t\t\t\t<\/div>\n\t\t\t\t<\/div>\n\t\t\t\t<div class=\"elementor-element elementor-element-1a3c8c45 elementor-widget elementor-widget-text-editor\" data-id=\"1a3c8c45\" data-element_type=\"widget\" data-e-type=\"widget\" data-widget_type=\"text-editor.default\">\n\t\t\t\t<div class=\"elementor-widget-container\">\n\t\t\t\t\t\t\t\t\t<p data-start=\"552\" data-end=\"681\"><strong>Logistics Manager on Demand &#8211; sta\u0142e wsparcie logistyczne dla firm, kt\u00f3re potrzebuj\u0105 eksperta, ale nie chc\u0105 zatrudnia\u0107 managera logistyki na etat.<\/strong><\/p><p data-start=\"683\" data-end=\"793\">Us\u0142uga obejmuje doradztwo operacyjne, analiz\u0119 transport\u00f3w oraz bie\u017c\u0105ce wsparcie w zarz\u0105dzaniu procesami logistycznymi.<\/p>\t\t\t\t\t\t\t\t<\/div>\n\t\t\t\t<\/div>\n\t\t\t\t\t<\/div>\n\t\t<\/div>\n\t\t\t\t\t<\/div>\n\t\t<\/section>\n\t\t\t\t<section class=\"penci-section penci-disSticky penci-structure-10 elementor-section elementor-top-section elementor-element elementor-element-71301e2 elementor-section-boxed elementor-section-height-default elementor-section-height-default\" data-id=\"71301e2\" data-element_type=\"section\" data-e-type=\"section\">\n\t\t\t\t\t\t<div class=\"elementor-container elementor-column-gap-default\">\n\t\t\t\t\t<div class=\"penci-ercol-100 penci-ercol-order-1 penci-sticky-ct  elementor-column elementor-col-100 elementor-top-column elementor-element elementor-element-966ae34\" data-id=\"966ae34\" data-element_type=\"column\" data-e-type=\"column\">\n\t\t\t<div class=\"elementor-widget-wrap elementor-element-populated\">\n\t\t\t\t\t\t<div class=\"elementor-element elementor-element-b45c9d9 elementor-widget elementor-widget-price-list\" data-id=\"b45c9d9\" data-element_type=\"widget\" data-e-type=\"widget\" data-widget_type=\"price-list.default\">\n\t\t\t\t<div class=\"elementor-widget-container\">\n\t\t\t\t\t\n\t\t<ul class=\"elementor-price-list\">\n\n\t\t\t\t\t\t\t\t\t<li><a class=\"elementor-price-list-item\" href=\"#\">\t\t\t\t\n\t\t\t\t<div class=\"elementor-price-list-text\">\n\t\t\t\t\t\t\t\t\t<div class=\"elementor-price-list-header\">\n\t\t\t\t\t\t\t\t\t\t\t<span class=\"elementor-price-list-title\">\n\t\t\t\t\t\t\tPakiet 4h \/ miesi\u0105c\t\t\t\t\t\t<\/span>\n\t\t\t\t\t\t\t\t\t\t\t\t\t\t\t\t\t\t<span class=\"elementor-price-list-separator\"><\/span>\n\t\t\t\t\t\t\t\t\t\t\t\t\t\t\t\t\t\t\t<span class=\"elementor-price-list-price\">900 \u2013 1200 PLN<\/span>\n\t\t\t\t\t\t\t\t\t\t<\/div>\n\t\t\t\t\t\t\t\t\t\t\t\t\t\t\t<p class=\"elementor-price-list-description\">\n\t\t\t\t\t\t\tkonsultacje operacyjne, analiza dokument\u00f3w transportowych, \nwsparcie w bie\u017c\u0105cych problemach logistycznych, konsultacje mailowe\t\t\t\t\t\t<\/p>\n\t\t\t\t\t\t\t\t<\/div>\n\t\t\t\t<\/a><\/li>\t\t\t\t\t\t\t\t\t\t\t\t<li><a class=\"elementor-price-list-item\" href=\"#\">\t\t\t\t\n\t\t\t\t<div class=\"elementor-price-list-text\">\n\t\t\t\t\t\t\t\t\t<div class=\"elementor-price-list-header\">\n\t\t\t\t\t\t\t\t\t\t\t<span class=\"elementor-price-list-title\">\n\t\t\t\t\t\t\tPakiet 8h \/ miesi\u0105c\t\t\t\t\t\t<\/span>\n\t\t\t\t\t\t\t\t\t\t\t\t\t\t\t\t\t\t<span class=\"elementor-price-list-separator\"><\/span>\n\t\t\t\t\t\t\t\t\t\t\t\t\t\t\t\t\t\t\t<span class=\"elementor-price-list-price\">1600 \u2013 2200 PLN<\/span>\n\t\t\t\t\t\t\t\t\t\t<\/div>\n\t\t\t\t\t\t\t\t\t\t\t\t\t\t\t<p class=\"elementor-price-list-description\">\n\t\t\t\t\t\t\tbie\u017c\u0105ce wsparcie logistyczne, kontrola transport\u00f3w, analiza koszt\u00f3w transportu, konsultacje z przewo\u017anikami i spedytorami, dost\u0119pno\u015b\u0107 konsultacyjna\t\t\t\t\t\t<\/p>\n\t\t\t\t\t\t\t\t<\/div>\n\t\t\t\t<\/a><\/li>\t\t\t\t\t\t\t\t\t\t\t\t<li><a class=\"elementor-price-list-item\" href=\"#\">\t\t\t\t\n\t\t\t\t<div class=\"elementor-price-list-text\">\n\t\t\t\t\t\t\t\t\t<div class=\"elementor-price-list-header\">\n\t\t\t\t\t\t\t\t\t\t\t<span class=\"elementor-price-list-title\">\n\t\t\t\t\t\t\tPakiet 12h \/ miesi\u0105c\t\t\t\t\t\t<\/span>\n\t\t\t\t\t\t\t\t\t\t\t\t\t\t\t\t\t\t<span class=\"elementor-price-list-separator\"><\/span>\n\t\t\t\t\t\t\t\t\t\t\t\t\t\t\t\t\t\t\t<span class=\"elementor-price-list-price\">2600 \u2013 3400 PLN<\/span>\n\t\t\t\t\t\t\t\t\t\t<\/div>\n\t\t\t\t\t\t\t\t\t\t\t\t\t\t\t<p class=\"elementor-price-list-description\">\n\t\t\t\t\t\t\tkompleksowe wsparcie logistyczne, \nplanowanie transport\u00f3w, analiza i optymalizacja proces\u00f3w, rozwi\u0105zywanie problem\u00f3w operacyjnych, doradztwo w imporcie i eksporcie\t\t\t\t\t\t<\/p>\n\t\t\t\t\t\t\t\t<\/div>\n\t\t\t\t<\/a><\/li>\t\t\t\t\t\n\t\t<\/ul>\n\n\t\t\t\t\t\t<\/div>\n\t\t\t\t<\/div>\n\t\t\t\t\t<\/div>\n\t\t<\/div>\n\t\t\t\t\t<\/div>\n\t\t<\/section>\n\t\t\t\t<section class=\"penci-section penci-disSticky penci-structure-10 elementor-section elementor-top-section elementor-element elementor-element-20a6d67 elementor-section-boxed elementor-section-height-default elementor-section-height-default\" data-id=\"20a6d67\" data-element_type=\"section\" data-e-type=\"section\">\n\t\t\t\t\t\t<div class=\"elementor-container elementor-column-gap-default\">\n\t\t\t\t\t<div class=\"penci-ercol-100 penci-ercol-order-1 penci-sticky-ct  elementor-column elementor-col-100 elementor-top-column elementor-element elementor-element-510dadc\" data-id=\"510dadc\" data-element_type=\"column\" data-e-type=\"column\">\n\t\t\t<div class=\"elementor-widget-wrap elementor-element-populated\">\n\t\t\t\t\t\t<div class=\"elementor-element elementor-element-e05ebf4 elementor-widget elementor-widget-penci-text-block\" data-id=\"e05ebf4\" data-element_type=\"widget\" data-e-type=\"widget\" data-widget_type=\"penci-text-block.default\">\n\t\t\t\t<div class=\"elementor-widget-container\">\n\t\t\t\t\t\t\t<div class=\"penci-block-vc penci-text-editor\">\r\n\t\t\t\t\t\t<div class=\"penci-block_content\">\r\n\t\t\t\t<div class=\"elementor-text-editor elementor-clearfix\"><p>Cennik ma charakter informacyjny i nie stanowi oferty w rozumieniu <strong data-start=\"1381\" data-end=\"1413\">art. 66 \u00a71 Kodeksu cywilnego<\/strong>. Podane ceny s\u0105 orientacyjne i mog\u0105 ulec zmianie w zale\u017cno\u015bci od zakresu us\u0142ugi oraz specyfiki dzia\u0142alno\u015bci przedsi\u0119biorstwa. Podane ceny s\u0105 cenami netto.<\/p><\/div>\r\n\t\t\t<\/div>\r\n\t\t<\/div>\r\n\t\t\t\t\t\t<\/div>\n\t\t\t\t<\/div>\n\t\t\t\t\t<\/div>\n\t\t<\/div>\n\t\t\t\t\t<\/div>\n\t\t<\/section>\n\t\t\t\t<\/div>\n\t\t","protected":false},"excerpt":{"rendered":"<p>Zewn\u0119trzny Manager Logistyki Logistics Manager on Demand &#8211; sta\u0142e wsparcie logistyczne dla firm, kt\u00f3re potrzebuj\u0105 eksperta, ale nie chc\u0105 zatrudnia\u0107 managera logistyki na etat. Us\u0142uga obejmuje doradztwo operacyjne, analiz\u0119 transport\u00f3w&hellip;<\/p>\n","protected":false},"author":1,"featured_media":0,"parent":0,"menu_order":0,"comment_status":"closed","ping_status":"closed","template":"","meta":{"footnotes":""},"class_list":["post-1981","page","type-page","status-publish","hentry"],"yoast_head":"<!-- This site is optimized with the Yoast SEO plugin v27.1.1 - https:\/\/yoast.com\/product\/yoast-seo-wordpress\/ -->\n<title>Zewn\u0119trzny Manager Logistyki - Pracownia Logistyka<\/title>\n<meta name=\"robots\" content=\"index, follow, max-snippet:-1, max-image-preview:large, max-video-preview:-1\" \/>\n<link rel=\"canonical\" href=\"https:\/\/www.pracownialogistyka.pl\/index.php\/logistyk-ondemand\/\" \/>\n<meta property=\"og:locale\" content=\"pl_PL\" \/>\n<meta property=\"og:type\" content=\"article\" \/>\n<meta property=\"og:title\" content=\"Zewn\u0119trzny Manager Logistyki - Pracownia Logistyka\" \/>\n<meta property=\"og:description\" content=\"Zewn\u0119trzny Manager Logistyki Logistics Manager on Demand &#8211; sta\u0142e wsparcie logistyczne dla firm, kt\u00f3re potrzebuj\u0105 eksperta, ale nie chc\u0105 zatrudnia\u0107 managera logistyki na etat. Us\u0142uga obejmuje doradztwo operacyjne, analiz\u0119 transport\u00f3w&hellip;\" \/>\n<meta property=\"og:url\" content=\"https:\/\/www.pracownialogistyka.pl\/index.php\/logistyk-ondemand\/\" \/>\n<meta property=\"og:site_name\" content=\"Pracownia Logistyka\" \/>\n<meta property=\"article:modified_time\" content=\"2026-03-11T10:07:40+00:00\" \/>\n<meta property=\"og:image\" content=\"https:\/\/www.pracownialogistyka.pl\/wp-content\/uploads\/2022\/10\/pexels-karolina-grabowska-5398881-1-scaled.jpg\" \/>\n\t<meta property=\"og:image:width\" content=\"2560\" \/>\n\t<meta property=\"og:image:height\" content=\"1707\" \/>\n\t<meta property=\"og:image:type\" content=\"image\/jpeg\" \/>\n<meta name=\"twitter:card\" content=\"summary_large_image\" \/>\n<meta name=\"twitter:label1\" content=\"Szacowany czas czytania\" \/>\n\t<meta name=\"twitter:data1\" content=\"1 minuta\" \/>\n<script type=\"application\/ld+json\" class=\"yoast-schema-graph\">{\"@context\":\"https:\/\/schema.org\",\"@graph\":[{\"@type\":\"WebPage\",\"@id\":\"https:\/\/www.pracownialogistyka.pl\/index.php\/logistyk-ondemand\/\",\"url\":\"https:\/\/www.pracownialogistyka.pl\/index.php\/logistyk-ondemand\/\",\"name\":\"Zewn\u0119trzny Manager Logistyki - Pracownia Logistyka\",\"isPartOf\":{\"@id\":\"https:\/\/www.pracownialogistyka.pl\/#website\"},\"primaryImageOfPage\":{\"@id\":\"https:\/\/www.pracownialogistyka.pl\/index.php\/logistyk-ondemand\/#primaryimage\"},\"image\":{\"@id\":\"https:\/\/www.pracownialogistyka.pl\/index.php\/logistyk-ondemand\/#primaryimage\"},\"thumbnailUrl\":\"https:\/\/www.pracownialogistyka.pl\/wp-content\/uploads\/2022\/10\/pexels-karolina-grabowska-5398881-1-1024x683.jpg\",\"datePublished\":\"2026-03-10T16:19:01+00:00\",\"dateModified\":\"2026-03-11T10:07:40+00:00\",\"breadcrumb\":{\"@id\":\"https:\/\/www.pracownialogistyka.pl\/index.php\/logistyk-ondemand\/#breadcrumb\"},\"inLanguage\":\"pl-PL\",\"potentialAction\":[{\"@type\":\"ReadAction\",\"target\":[\"https:\/\/www.pracownialogistyka.pl\/index.php\/logistyk-ondemand\/\"]}]},{\"@type\":\"ImageObject\",\"inLanguage\":\"pl-PL\",\"@id\":\"https:\/\/www.pracownialogistyka.pl\/index.php\/logistyk-ondemand\/#primaryimage\",\"url\":\"https:\/\/www.pracownialogistyka.pl\/wp-content\/uploads\/2022\/10\/pexels-karolina-grabowska-5398881-1-scaled.jpg\",\"contentUrl\":\"https:\/\/www.pracownialogistyka.pl\/wp-content\/uploads\/2022\/10\/pexels-karolina-grabowska-5398881-1-scaled.jpg\",\"width\":2560,\"height\":1707},{\"@type\":\"BreadcrumbList\",\"@id\":\"https:\/\/www.pracownialogistyka.pl\/index.php\/logistyk-ondemand\/#breadcrumb\",\"itemListElement\":[{\"@type\":\"ListItem\",\"position\":1,\"name\":\"Strona g\u0142\u00f3wna\",\"item\":\"https:\/\/www.pracownialogistyka.pl\/\"},{\"@type\":\"ListItem\",\"position\":2,\"name\":\"Zewn\u0119trzny Manager Logistyki\"}]},{\"@type\":\"WebSite\",\"@id\":\"https:\/\/www.pracownialogistyka.pl\/#website\",\"url\":\"https:\/\/www.pracownialogistyka.pl\/\",\"name\":\"Pracownia Logistyka\",\"description\":\"Doradca ADR | Agent Celny | Logistyka mi\u0119dzynarodowa i import z Azji | Pomagam firmom M\u015aP uporz\u0105dkowa\u0107 procesy transportowe\",\"publisher\":{\"@id\":\"https:\/\/www.pracownialogistyka.pl\/#organization\"},\"potentialAction\":[{\"@type\":\"SearchAction\",\"target\":{\"@type\":\"EntryPoint\",\"urlTemplate\":\"https:\/\/www.pracownialogistyka.pl\/?s={search_term_string}\"},\"query-input\":{\"@type\":\"PropertyValueSpecification\",\"valueRequired\":true,\"valueName\":\"search_term_string\"}}],\"inLanguage\":\"pl-PL\"},{\"@type\":\"Organization\",\"@id\":\"https:\/\/www.pracownialogistyka.pl\/#organization\",\"name\":\"Pracownia Logistyka\",\"url\":\"https:\/\/www.pracownialogistyka.pl\/\",\"logo\":{\"@type\":\"ImageObject\",\"inLanguage\":\"pl-PL\",\"@id\":\"https:\/\/www.pracownialogistyka.pl\/#\/schema\/logo\/image\/\",\"url\":\"https:\/\/www.pracownialogistyka.pl\/wp-content\/uploads\/2020\/07\/PL-logo-150dpi.jpg\",\"contentUrl\":\"https:\/\/www.pracownialogistyka.pl\/wp-content\/uploads\/2020\/07\/PL-logo-150dpi.jpg\",\"width\":742,\"height\":258,\"caption\":\"Pracownia Logistyka\"},\"image\":{\"@id\":\"https:\/\/www.pracownialogistyka.pl\/#\/schema\/logo\/image\/\"}}]}<\/script>\n<!-- \/ Yoast SEO plugin. -->","yoast_head_json":{"title":"Zewn\u0119trzny Manager Logistyki - Pracownia Logistyka","robots":{"index":"index","follow":"follow","max-snippet":"max-snippet:-1","max-image-preview":"max-image-preview:large","max-video-preview":"max-video-preview:-1"},"canonical":"https:\/\/www.pracownialogistyka.pl\/index.php\/logistyk-ondemand\/","og_locale":"pl_PL","og_type":"article","og_title":"Zewn\u0119trzny Manager Logistyki - Pracownia Logistyka","og_description":"Zewn\u0119trzny Manager Logistyki Logistics Manager on Demand &#8211; sta\u0142e wsparcie logistyczne dla firm, kt\u00f3re potrzebuj\u0105 eksperta, ale nie chc\u0105 zatrudnia\u0107 managera logistyki na etat. Us\u0142uga obejmuje doradztwo operacyjne, analiz\u0119 transport\u00f3w&hellip;","og_url":"https:\/\/www.pracownialogistyka.pl\/index.php\/logistyk-ondemand\/","og_site_name":"Pracownia Logistyka","article_modified_time":"2026-03-11T10:07:40+00:00","og_image":[{"width":2560,"height":1707,"url":"https:\/\/www.pracownialogistyka.pl\/wp-content\/uploads\/2022\/10\/pexels-karolina-grabowska-5398881-1-scaled.jpg","type":"image\/jpeg"}],"twitter_card":"summary_large_image","twitter_misc":{"Szacowany czas czytania":"1 minuta"},"schema":{"@context":"https:\/\/schema.org","@graph":[{"@type":"WebPage","@id":"https:\/\/www.pracownialogistyka.pl\/index.php\/logistyk-ondemand\/","url":"https:\/\/www.pracownialogistyka.pl\/index.php\/logistyk-ondemand\/","name":"Zewn\u0119trzny Manager Logistyki - Pracownia Logistyka","isPartOf":{"@id":"https:\/\/www.pracownialogistyka.pl\/#website"},"primaryImageOfPage":{"@id":"https:\/\/www.pracownialogistyka.pl\/index.php\/logistyk-ondemand\/#primaryimage"},"image":{"@id":"https:\/\/www.pracownialogistyka.pl\/index.php\/logistyk-ondemand\/#primaryimage"},"thumbnailUrl":"https:\/\/www.pracownialogistyka.pl\/wp-content\/uploads\/2022\/10\/pexels-karolina-grabowska-5398881-1-1024x683.jpg","datePublished":"2026-03-10T16:19:01+00:00","dateModified":"2026-03-11T10:07:40+00:00","breadcrumb":{"@id":"https:\/\/www.pracownialogistyka.pl\/index.php\/logistyk-ondemand\/#breadcrumb"},"inLanguage":"pl-PL","potentialAction":[{"@type":"ReadAction","target":["https:\/\/www.pracownialogistyka.pl\/index.php\/logistyk-ondemand\/"]}]},{"@type":"ImageObject","inLanguage":"pl-PL","@id":"https:\/\/www.pracownialogistyka.pl\/index.php\/logistyk-ondemand\/#primaryimage","url":"https:\/\/www.pracownialogistyka.pl\/wp-content\/uploads\/2022\/10\/pexels-karolina-grabowska-5398881-1-scaled.jpg","contentUrl":"https:\/\/www.pracownialogistyka.pl\/wp-content\/uploads\/2022\/10\/pexels-karolina-grabowska-5398881-1-scaled.jpg","width":2560,"height":1707},{"@type":"BreadcrumbList","@id":"https:\/\/www.pracownialogistyka.pl\/index.php\/logistyk-ondemand\/#breadcrumb","itemListElement":[{"@type":"ListItem","position":1,"name":"Strona g\u0142\u00f3wna","item":"https:\/\/www.pracownialogistyka.pl\/"},{"@type":"ListItem","position":2,"name":"Zewn\u0119trzny Manager Logistyki"}]},{"@type":"WebSite","@id":"https:\/\/www.pracownialogistyka.pl\/#website","url":"https:\/\/www.pracownialogistyka.pl\/","name":"Pracownia Logistyka","description":"Doradca ADR | Agent Celny | Logistyka mi\u0119dzynarodowa i import z Azji | Pomagam firmom M\u015aP uporz\u0105dkowa\u0107 procesy transportowe","publisher":{"@id":"https:\/\/www.pracownialogistyka.pl\/#organization"},"potentialAction":[{"@type":"SearchAction","target":{"@type":"EntryPoint","urlTemplate":"https:\/\/www.pracownialogistyka.pl\/?s={search_term_string}"},"query-input":{"@type":"PropertyValueSpecification","valueRequired":true,"valueName":"search_term_string"}}],"inLanguage":"pl-PL"},{"@type":"Organization","@id":"https:\/\/www.pracownialogistyka.pl\/#organization","name":"Pracownia Logistyka","url":"https:\/\/www.pracownialogistyka.pl\/","logo":{"@type":"ImageObject","inLanguage":"pl-PL","@id":"https:\/\/www.pracownialogistyka.pl\/#\/schema\/logo\/image\/","url":"https:\/\/www.pracownialogistyka.pl\/wp-content\/uploads\/2020\/07\/PL-logo-150dpi.jpg","contentUrl":"https:\/\/www.pracownialogistyka.pl\/wp-content\/uploads\/2020\/07\/PL-logo-150dpi.jpg","width":742,"height":258,"caption":"Pracownia Logistyka"},"image":{"@id":"https:\/\/www.pracownialogistyka.pl\/#\/schema\/logo\/image\/"}}]}},"_links":{"self":[{"href":"https:\/\/www.pracownialogistyka.pl\/index.php\/wp-json\/wp\/v2\/pages\/1981","targetHints":{"allow":["GET"]}}],"collection":[{"href":"https:\/\/www.pracownialogistyka.pl\/index.php\/wp-json\/wp\/v2\/pages"}],"about":[{"href":"https:\/\/www.pracownialogistyka.pl\/index.php\/wp-json\/wp\/v2\/types\/page"}],"author":[{"embeddable":true,"href":"https:\/\/www.pracownialogistyka.pl\/index.php\/wp-json\/wp\/v2\/users\/1"}],"replies":[{"embeddable":true,"href":"https:\/\/www.pracownialogistyka.pl\/index.php\/wp-json\/wp\/v2\/comments?post=1981"}],"version-history":[{"count":4,"href":"https:\/\/www.pracownialogistyka.pl\/index.php\/wp-json\/wp\/v2\/pages\/1981\/revisions"}],"predecessor-version":[{"id":1985,"href":"https:\/\/www.pracownialogistyka.pl\/index.php\/wp-json\/wp\/v2\/pages\/1981\/revisions\/1985"}],"wp:attachment":[{"href":"https:\/\/www.pracownialogistyka.pl\/index.php\/wp-json\/wp\/v2\/media?parent=1981"}],"curies":[{"name":"wp","href":"https:\/\/api.w.org\/{rel}","templated":true}]}}