{"id":14,"date":"2019-11-27T02:58:48","date_gmt":"2019-11-27T02:58:48","guid":{"rendered":"https:\/\/demosoledad.pencidesign.net\/soledad-logistics-business-multipurpose\/?page_id=14"},"modified":"2026-03-11T10:05:28","modified_gmt":"2026-03-11T10:05:28","slug":"informacje","status":"publish","type":"page","link":"https:\/\/www.pracownialogistyka.pl\/index.php\/informacje\/","title":{"rendered":"BLOG"},"content":{"rendered":"\t\t<div data-elementor-type=\"wp-page\" data-elementor-id=\"14\" class=\"elementor elementor-14\" data-elementor-post-type=\"page\">\n\t\t\t\t\t\t<section class=\"penci-section penci-disSticky penci-structure-10 elementor-section elementor-top-section elementor-element elementor-element-a9305c7 elementor-section-boxed elementor-section-height-default elementor-section-height-default\" data-id=\"a9305c7\" data-element_type=\"section\" data-e-type=\"section\">\n\t\t\t\t\t\t<div class=\"elementor-container elementor-column-gap-no\">\n\t\t\t\t\t<div class=\"penci-ercol-100 penci-ercol-order-1 penci-sticky-ct  elementor-column elementor-col-100 elementor-top-column elementor-element elementor-element-1e5c35b\" data-id=\"1e5c35b\" data-element_type=\"column\" data-e-type=\"column\">\n\t\t\t<div class=\"elementor-widget-wrap elementor-element-populated\">\n\t\t\t\t\t\t<div class=\"elementor-element elementor-element-6d3af1e elementor-widget elementor-widget-penci-fancy_heading\" data-id=\"6d3af1e\" data-element_type=\"widget\" data-e-type=\"widget\" data-widget_type=\"penci-fancy_heading.default\">\n\t\t\t\t<div class=\"elementor-widget-container\">\n\t\t\t\t\t\t\t<div class=\"penci-fancy-heading penci-heading-text-center\">\r\n\t\t\t<div class=\"penci-fancy-heading-inner\">\r\n\t\t\t\t<h2 class=\"penci-heading-title\">BLOG<\/h2><span class=\"penci-heading-subtitle\">Aktualno\u015bci, newsy z bran\u017cy, logistyka w teorii i w praktyce<\/span>\t\t\t<\/div>\r\n\t\t<\/div>\r\n\t\t\t\t\t\t<\/div>\n\t\t\t\t<\/div>\n\t\t\t\t<div class=\"elementor-element elementor-element-036a97d elementor-widget elementor-widget-penci-latest-posts\" data-id=\"036a97d\" data-element_type=\"widget\" data-e-type=\"widget\" data-widget_type=\"penci-latest-posts.default\">\n\t\t\t\t<div class=\"elementor-widget-container\">\n\t\t\t\t\t                <div id=\"pencilatest_posts_64107\" class=\"penci-latest-posts-sc penci-latest-posts-grid penci-latest-posts-el penci-el-mixed-s1 penci-latest-posts-left penci-std-continue-center penci-std-excerpt-center penci-grid-excerpt-left\">\r\n\t\t\t\t\t\r\n                    <div class=\"penci-wrapper-posts-content\">\r\n\r\n\t\t\t\t\t\t\t\t\t\t\t\t\t                            <ul class=\"penci-wrapper-data penci-grid penci-shortcode-render\">\t\t\t\t\t\t\t\t\t\t\t\t\t\t\t\t\t\t<li class=\"grid-style\">\r\n\t<article id=\"post-2053\" class=\"item hentry\">\r\n\t\t\r\n\t\t<div class=\"grid-header-box\">\r\n\t\t\t\t\t\t\t<span class=\"cat\"><a class=\"penci-cat-name penci-cat-5\" href=\"https:\/\/www.pracownialogistyka.pl\/index.php\/category\/blog\/\"  rel=\"category tag\">Blog<\/a><\/span>\r\n\t\t\t\r\n\t\t\t<h2 class=\"penci-entry-title entry-title grid-title\"><a href=\"https:\/\/www.pracownialogistyka.pl\/index.php\/2026\/03\/13\/transport-vs-bliski-wschod\/\">Zak\u0142\u00f3cenia w globalnej logistyce \u2013 wp\u0142yw sytuacji w Zatoce Perskiej na transport morski i lotniczy<\/a><\/h2>\r\n\t\t\t\t\t<div class=\"penci-hide-tagupdated\">\n\t\t\t<span class=\"author-italic author vcard\">by <a class=\"url fn n\" href=\"https:\/\/www.pracownialogistyka.pl\/index.php\/author\/admin\/\">admin<\/a><\/span>\n\t\t\t<time class=\"entry-date published\" datetime=\"2026-03-13T09:18:24+00:00\">13 marca, 2026<\/time>\t\t<\/div>\n\t\t\t\t\t\t\t\t\t<div class=\"grid-post-box-meta\">\r\n\t\t\t\t\t\t\t\t\t\t\t<span class=\"otherl-date-author author-italic author vcard\">by <a class=\"url fn n\" href=\"https:\/\/www.pracownialogistyka.pl\/index.php\/author\/admin\/\">admin<\/a><\/span>\r\n\t\t\t\t\t\t\t\t\t\t\t\t\t\t\t\t<span class=\"otherl-date\"><time class=\"entry-date published\" datetime=\"2026-03-13T09:18:24+00:00\">13 marca, 2026<\/time><\/span>\r\n\t\t\t\t\t\t\t\t\t\t\t\t\t\t\t\t\t\t\t\t\t\t\t\t<\/div>\r\n\t\t\t\t\t<\/div>\r\n\r\n\t\t\t\t\t<div class=\"item-content entry-content\">\r\n\t\t\t\t<p>Aktualna sytuacja w globalnej logistyce: zmiany tras statk\u00f3w, ograniczenia w cargo lotniczym i mo\u017cliwe op\u00f3\u017anienia w dostawach. Sprawd\u017a, jak przygotowa\u0107 si\u0119 na zak\u0142\u00f3cenia &#8230;<\/p>\n\t\t\t<\/div>\r\n\t\t\r\n\t\t\r\n\t\t\t<\/article>\r\n<\/li>\r\n<li class=\"grid-style\">\r\n\t<article id=\"post-287\" class=\"item hentry\">\r\n\t\t\r\n\t\t<div class=\"grid-header-box\">\r\n\t\t\t\t\t\t\t<span class=\"cat\"><a class=\"penci-cat-name penci-cat-5\" href=\"https:\/\/www.pracownialogistyka.pl\/index.php\/category\/blog\/\"  rel=\"category tag\">Blog<\/a><\/span>\r\n\t\t\t\r\n\t\t\t<h2 class=\"penci-entry-title entry-title grid-title\"><a href=\"https:\/\/www.pracownialogistyka.pl\/index.php\/2022\/02\/24\/logistyka-globalna\/\">Logistyka globalna<\/a><\/h2>\r\n\t\t\t\t\t<div class=\"penci-hide-tagupdated\">\n\t\t\t<span class=\"author-italic author vcard\">by <a class=\"url fn n\" href=\"https:\/\/www.pracownialogistyka.pl\/index.php\/author\/admin\/\">admin<\/a><\/span>\n\t\t\t<time class=\"entry-date published\" datetime=\"2022-02-24T18:35:54+00:00\">24 lutego, 2022<\/time>\t\t<\/div>\n\t\t\t\t\t\t\t\t\t<div class=\"grid-post-box-meta\">\r\n\t\t\t\t\t\t\t\t\t\t\t<span class=\"otherl-date-author author-italic author vcard\">by <a class=\"url fn n\" href=\"https:\/\/www.pracownialogistyka.pl\/index.php\/author\/admin\/\">admin<\/a><\/span>\r\n\t\t\t\t\t\t\t\t\t\t\t\t\t\t\t\t<span class=\"otherl-date\"><time class=\"entry-date published\" datetime=\"2022-02-24T18:35:54+00:00\">24 lutego, 2022<\/time><\/span>\r\n\t\t\t\t\t\t\t\t\t\t\t\t\t\t\t\t\t\t\t\t\t\t\t\t<\/div>\r\n\t\t\t\t\t<\/div>\r\n\r\n\t\t\t\t\t<div class=\"item-content entry-content\">\r\n\t\t\t\t<p>Temat bardzo na czasie jak si\u0119 domy\u015blacie. W \u015bwietle dzisiejszych wydarze\u0144, ka\u017cdy logistyk b\u0119dzie si\u0119 zastanawia\u0142 czy i w jakim stopniu sytuacja na &#8230;<\/p>\n\t\t\t<\/div>\r\n\t\t\r\n\t\t\r\n\t\t\t<\/article>\r\n<\/li>\r\n<li class=\"grid-style\">\r\n\t<article id=\"post-273\" class=\"item hentry\">\r\n\t\t\r\n\t\t<div class=\"grid-header-box\">\r\n\t\t\t\t\t\t\t<span class=\"cat\"><a class=\"penci-cat-name penci-cat-5\" href=\"https:\/\/www.pracownialogistyka.pl\/index.php\/category\/blog\/\"  rel=\"category tag\">Blog<\/a><\/span>\r\n\t\t\t\r\n\t\t\t<h2 class=\"penci-entry-title entry-title grid-title\"><a href=\"https:\/\/www.pracownialogistyka.pl\/index.php\/2021\/11\/20\/logistyka-a-marketing\/\">Logistyka a marketing<\/a><\/h2>\r\n\t\t\t\t\t<div class=\"penci-hide-tagupdated\">\n\t\t\t<span class=\"author-italic author vcard\">by <a class=\"url fn n\" href=\"https:\/\/www.pracownialogistyka.pl\/index.php\/author\/admin\/\">admin<\/a><\/span>\n\t\t\t<time class=\"entry-date published\" datetime=\"2021-11-20T11:15:05+00:00\">20 listopada, 2021<\/time>\t\t<\/div>\n\t\t\t\t\t\t\t\t\t<div class=\"grid-post-box-meta\">\r\n\t\t\t\t\t\t\t\t\t\t\t<span class=\"otherl-date-author author-italic author vcard\">by <a class=\"url fn n\" href=\"https:\/\/www.pracownialogistyka.pl\/index.php\/author\/admin\/\">admin<\/a><\/span>\r\n\t\t\t\t\t\t\t\t\t\t\t\t\t\t\t\t<span class=\"otherl-date\"><time class=\"entry-date published\" datetime=\"2021-11-20T11:15:05+00:00\">20 listopada, 2021<\/time><\/span>\r\n\t\t\t\t\t\t\t\t\t\t\t\t\t\t\t\t\t\t\t\t\t\t\t\t<\/div>\r\n\t\t\t\t\t<\/div>\r\n\r\n\t\t\t\t\t<div class=\"item-content entry-content\">\r\n\t\t\t\t<p>Logistyka a marketing Jak s\u0105dzicie &#8211; czy te poj\u0119cia si\u0119 \u0142\u0105cz\u0105, s\u0105 wzgl\u0119dem siebie niezale\u017cne? Jak marketing oddzia\u0142uje na logistyk\u0119? Czy mo\u017ce odwrotnie? &#8230;<\/p>\n\t\t\t<\/div>\r\n\t\t\r\n\t\t\r\n\t\t\t<\/article>\r\n<\/li>\r\n<li class=\"grid-style\">\r\n\t<article id=\"post-268\" class=\"item hentry\">\r\n\t\t\t\t\t<div class=\"thumbnail\">\r\n\t\t\t\t\t\t\t\t\t\t\t\t<a class=\"penci-image-holder penci-lazy\" data-bgset=\"https:\/\/www.pracownialogistyka.pl\/wp-content\/uploads\/2021\/08\/economy-1792514_640-585x390.jpg\" href=\"https:\/\/www.pracownialogistyka.pl\/index.php\/2021\/08\/08\/sila-wiekszego-dem-det\/\" title=\"Si\u0142a wi\u0119kszego \u2013 DEM\/DET\">\r\n\t\t\t\t<\/a>\r\n\t\t\t\t\r\n\t\t\t\t\t\t\t\t\t\t\t\t\t\t\t\t\t\t\t\t\t\t\t\t\t\t\t\t\t\t\t\t\t\t\t\t<\/div>\r\n\t\t\r\n\t\t<div class=\"grid-header-box\">\r\n\t\t\t\t\t\t\t<span class=\"cat\"><a class=\"penci-cat-name penci-cat-5\" href=\"https:\/\/www.pracownialogistyka.pl\/index.php\/category\/blog\/\"  rel=\"category tag\">Blog<\/a><\/span>\r\n\t\t\t\r\n\t\t\t<h2 class=\"penci-entry-title entry-title grid-title\"><a href=\"https:\/\/www.pracownialogistyka.pl\/index.php\/2021\/08\/08\/sila-wiekszego-dem-det\/\">Si\u0142a wi\u0119kszego \u2013 DEM\/DET<\/a><\/h2>\r\n\t\t\t\t\t<div class=\"penci-hide-tagupdated\">\n\t\t\t<span class=\"author-italic author vcard\">by <a class=\"url fn n\" href=\"https:\/\/www.pracownialogistyka.pl\/index.php\/author\/admin\/\">admin<\/a><\/span>\n\t\t\t<time class=\"entry-date published\" datetime=\"2021-08-08T10:32:34+00:00\">8 sierpnia, 2021<\/time>\t\t<\/div>\n\t\t\t\t\t\t\t\t\t<div class=\"grid-post-box-meta\">\r\n\t\t\t\t\t\t\t\t\t\t\t<span class=\"otherl-date-author author-italic author vcard\">by <a class=\"url fn n\" href=\"https:\/\/www.pracownialogistyka.pl\/index.php\/author\/admin\/\">admin<\/a><\/span>\r\n\t\t\t\t\t\t\t\t\t\t\t\t\t\t\t\t<span class=\"otherl-date\"><time class=\"entry-date published\" datetime=\"2021-08-08T10:32:34+00:00\">8 sierpnia, 2021<\/time><\/span>\r\n\t\t\t\t\t\t\t\t\t\t\t\t\t\t\t\t\t\t\t\t\t\t\t\t<\/div>\r\n\t\t\t\t\t<\/div>\r\n\r\n\t\t\t\t\t<div class=\"item-content entry-content\">\r\n\t\t\t\t<p>W transporcie morskim mamy do czynienia z r\u00f3\u017cnego typu op\u0142atami, o czym pisa\u0142am we wpisie https:\/\/www.pracownialogistyka.pl\/index.php\/2020\/03\/17\/oferta-handlowa-na-fracht\/ Jednymi z op\u0142at, o kt\u00f3rych us\u0142yszymy dopiero &#8230;<\/p>\n\t\t\t<\/div>\r\n\t\t\r\n\t\t\r\n\t\t\t<\/article>\r\n<\/li>\r\n<li class=\"grid-style\">\r\n\t<article id=\"post-264\" class=\"item hentry\">\r\n\t\t\t\t\t<div class=\"thumbnail\">\r\n\t\t\t\t\t\t\t\t\t\t\t\t<a class=\"penci-image-holder penci-lazy\" data-bgset=\"https:\/\/www.pracownialogistyka.pl\/wp-content\/uploads\/2021\/07\/container-3552869_640-585x390.jpg\" href=\"https:\/\/www.pracownialogistyka.pl\/index.php\/2021\/07\/05\/ze-swiata-armatorow\/\" title=\"ZE \u015aWIATA ARMATOR\u00d3W\">\r\n\t\t\t\t<\/a>\r\n\t\t\t\t\r\n\t\t\t\t\t\t\t\t\t\t\t\t\t\t\t\t\t\t\t\t\t\t\t\t\t\t\t\t\t\t\t\t\t\t\t\t<\/div>\r\n\t\t\r\n\t\t<div class=\"grid-header-box\">\r\n\t\t\t\t\t\t\t<span class=\"cat\"><a class=\"penci-cat-name penci-cat-5\" href=\"https:\/\/www.pracownialogistyka.pl\/index.php\/category\/blog\/\"  rel=\"category tag\">Blog<\/a><\/span>\r\n\t\t\t\r\n\t\t\t<h2 class=\"penci-entry-title entry-title grid-title\"><a href=\"https:\/\/www.pracownialogistyka.pl\/index.php\/2021\/07\/05\/ze-swiata-armatorow\/\">ZE \u015aWIATA ARMATOR\u00d3W<\/a><\/h2>\r\n\t\t\t\t\t<div class=\"penci-hide-tagupdated\">\n\t\t\t<span class=\"author-italic author vcard\">by <a class=\"url fn n\" href=\"https:\/\/www.pracownialogistyka.pl\/index.php\/author\/admin\/\">admin<\/a><\/span>\n\t\t\t<time class=\"entry-date published\" datetime=\"2021-07-05T19:24:25+00:00\">5 lipca, 2021<\/time>\t\t<\/div>\n\t\t\t\t\t\t\t\t\t<div class=\"grid-post-box-meta\">\r\n\t\t\t\t\t\t\t\t\t\t\t<span class=\"otherl-date-author author-italic author vcard\">by <a class=\"url fn n\" href=\"https:\/\/www.pracownialogistyka.pl\/index.php\/author\/admin\/\">admin<\/a><\/span>\r\n\t\t\t\t\t\t\t\t\t\t\t\t\t\t\t\t<span class=\"otherl-date\"><time class=\"entry-date published\" datetime=\"2021-07-05T19:24:25+00:00\">5 lipca, 2021<\/time><\/span>\r\n\t\t\t\t\t\t\t\t\t\t\t\t\t\t\t\t\t\t\t\t\t\t\t\t<\/div>\r\n\t\t\t\t\t<\/div>\r\n\r\n\t\t\t\t\t<div class=\"item-content entry-content\">\r\n\t\t\t\t<p>Pandemia wprowadzi\u0142a sporo zamieszania w przep\u0142yw towar\u00f3w drog\u0105 morsk\u0105. Wiele nowych spostrze\u017ce\u0144 i komentarzy zosta\u0142o zg\u0142oszonych podczas dorocznego raportu o stanie logistyki zaprezentowanego &#8230;<\/p>\n\t\t\t<\/div>\r\n\t\t\r\n\t\t\r\n\t\t\t<\/article>\r\n<\/li>\r\n<li class=\"grid-style\">\r\n\t<article id=\"post-260\" class=\"item hentry\">\r\n\t\t\t\t\t<div class=\"thumbnail\">\r\n\t\t\t\t\t\t\t\t\t\t\t\t<a class=\"penci-image-holder penci-lazy\" data-bgset=\"https:\/\/www.pracownialogistyka.pl\/wp-content\/uploads\/2021\/04\/container-2786842_640-585x381.jpg\" href=\"https:\/\/www.pracownialogistyka.pl\/index.php\/2021\/04\/24\/sytuacja-transportowa-stan-na-kwiecien-2021\/\" title=\"Sytuacja transportowa \u2013 stan na kwiecie\u0144 2021\">\r\n\t\t\t\t<\/a>\r\n\t\t\t\t\r\n\t\t\t\t\t\t\t\t\t\t\t\t\t\t\t\t\t\t\t\t\t\t\t\t\t\t\t\t\t\t\t\t\t\t\t\t<\/div>\r\n\t\t\r\n\t\t<div class=\"grid-header-box\">\r\n\t\t\t\t\t\t\t<span class=\"cat\"><a class=\"penci-cat-name penci-cat-5\" href=\"https:\/\/www.pracownialogistyka.pl\/index.php\/category\/blog\/\"  rel=\"category tag\">Blog<\/a><\/span>\r\n\t\t\t\r\n\t\t\t<h2 class=\"penci-entry-title entry-title grid-title\"><a href=\"https:\/\/www.pracownialogistyka.pl\/index.php\/2021\/04\/24\/sytuacja-transportowa-stan-na-kwiecien-2021\/\">Sytuacja transportowa \u2013 stan na kwiecie\u0144 2021<\/a><\/h2>\r\n\t\t\t\t\t<div class=\"penci-hide-tagupdated\">\n\t\t\t<span class=\"author-italic author vcard\">by <a class=\"url fn n\" href=\"https:\/\/www.pracownialogistyka.pl\/index.php\/author\/admin\/\">admin<\/a><\/span>\n\t\t\t<time class=\"entry-date published\" datetime=\"2021-04-24T08:43:57+00:00\">24 kwietnia, 2021<\/time>\t\t<\/div>\n\t\t\t\t\t\t\t\t\t<div class=\"grid-post-box-meta\">\r\n\t\t\t\t\t\t\t\t\t\t\t<span class=\"otherl-date-author author-italic author vcard\">by <a class=\"url fn n\" href=\"https:\/\/www.pracownialogistyka.pl\/index.php\/author\/admin\/\">admin<\/a><\/span>\r\n\t\t\t\t\t\t\t\t\t\t\t\t\t\t\t\t<span class=\"otherl-date\"><time class=\"entry-date published\" datetime=\"2021-04-24T08:43:57+00:00\">24 kwietnia, 2021<\/time><\/span>\r\n\t\t\t\t\t\t\t\t\t\t\t\t\t\t\t\t\t\t\t\t\t\t\t\t<\/div>\r\n\t\t\t\t\t<\/div>\r\n\r\n\t\t\t\t\t<div class=\"item-content entry-content\">\r\n\t\t\t\t<p>Poni\u017cej kilka kluczowych informacji dotycz\u0105cych g\u0142\u00f3wnie importu towar\u00f3w z Chiny drog\u0105 morsk\u0105, kolejow\u0105, lotnicz\u0105 i drogow\u0105. Jak wiemy od d\u0142u\u017cszego czasu ceny fracht\u00f3w &#8230;<\/p>\n\t\t\t<\/div>\r\n\t\t\r\n\t\t\r\n\t\t\t<\/article>\r\n<\/li>\r\n<li class=\"grid-style\">\r\n\t<article id=\"post-242\" class=\"item hentry\">\r\n\t\t\t\t\t<div class=\"thumbnail\">\r\n\t\t\t\t\t\t\t\t\t\t\t\t<a class=\"penci-image-holder penci-lazy\" data-bgset=\"https:\/\/www.pracownialogistyka.pl\/wp-content\/uploads\/2021\/01\/chain-1027864_640-585x390.jpg\" href=\"https:\/\/www.pracownialogistyka.pl\/index.php\/2021\/01\/24\/zarzadzanie-lancuchem-dostaw\/\" title=\"Zarz\u0105dzanie \u0142a\u0144cuchem dostaw\">\r\n\t\t\t\t<\/a>\r\n\t\t\t\t\r\n\t\t\t\t\t\t\t\t\t\t\t\t\t\t\t\t\t\t\t\t\t\t\t\t\t\t\t\t\t\t\t\t\t\t\t\t<\/div>\r\n\t\t\r\n\t\t<div class=\"grid-header-box\">\r\n\t\t\t\t\t\t\t<span class=\"cat\"><a class=\"penci-cat-name penci-cat-5\" href=\"https:\/\/www.pracownialogistyka.pl\/index.php\/category\/blog\/\"  rel=\"category tag\">Blog<\/a><\/span>\r\n\t\t\t\r\n\t\t\t<h2 class=\"penci-entry-title entry-title grid-title\"><a href=\"https:\/\/www.pracownialogistyka.pl\/index.php\/2021\/01\/24\/zarzadzanie-lancuchem-dostaw\/\">Zarz\u0105dzanie \u0142a\u0144cuchem dostaw<\/a><\/h2>\r\n\t\t\t\t\t<div class=\"penci-hide-tagupdated\">\n\t\t\t<span class=\"author-italic author vcard\">by <a class=\"url fn n\" href=\"https:\/\/www.pracownialogistyka.pl\/index.php\/author\/admin\/\">admin<\/a><\/span>\n\t\t\t<time class=\"entry-date published\" datetime=\"2021-01-24T12:39:00+00:00\">24 stycznia, 2021<\/time>\t\t<\/div>\n\t\t\t\t\t\t\t\t\t<div class=\"grid-post-box-meta\">\r\n\t\t\t\t\t\t\t\t\t\t\t<span class=\"otherl-date-author author-italic author vcard\">by <a class=\"url fn n\" href=\"https:\/\/www.pracownialogistyka.pl\/index.php\/author\/admin\/\">admin<\/a><\/span>\r\n\t\t\t\t\t\t\t\t\t\t\t\t\t\t\t\t<span class=\"otherl-date\"><time class=\"entry-date published\" datetime=\"2021-01-24T12:39:00+00:00\">24 stycznia, 2021<\/time><\/span>\r\n\t\t\t\t\t\t\t\t\t\t\t\t\t\t\t\t\t\t\t\t\t\t\t\t<\/div>\r\n\t\t\t\t\t<\/div>\r\n\r\n\t\t\t\t\t<div class=\"item-content entry-content\">\r\n\t\t\t\t<p>Zarz\u0105dzanie \u0142a\u0144cuchem dostaw jest procesem decyzyjnym.Mo\u017cna nim zarz\u0105dza\u0107 w spos\u00f3b sztywny (zbiurokratyzowany) lub w spos\u00f3b elastyczny. Istniej\u0105 narz\u0119dzia, kt\u00f3re wspomagaj\u0105 zarz\u0105dzanie \u0142a\u0144cuchem. Jednym &#8230;<\/p>\n\t\t\t<\/div>\r\n\t\t\r\n\t\t\r\n\t\t\t<\/article>\r\n<\/li>\r\n<li class=\"grid-style\">\r\n\t<article id=\"post-238\" class=\"item hentry\">\r\n\t\t\t\t\t<div class=\"thumbnail\">\r\n\t\t\t\t\t\t\t\t\t\t\t\t<a class=\"penci-image-holder penci-lazy\" data-bgset=\"https:\/\/www.pracownialogistyka.pl\/wp-content\/uploads\/2020\/11\/surprised-1184889_640-585x390.png\" href=\"https:\/\/www.pracownialogistyka.pl\/index.php\/2020\/11\/19\/import-towarow-z-chin-dramatyczne-stawki\/\" title=\"Import towar\u00f3w z Chin &#8211; dramatyczne stawki\">\r\n\t\t\t\t<\/a>\r\n\t\t\t\t\r\n\t\t\t\t\t\t\t\t\t\t\t\t\t\t\t\t\t\t\t\t\t\t\t\t\t\t\t\t\t\t\t\t\t\t\t\t<\/div>\r\n\t\t\r\n\t\t<div class=\"grid-header-box\">\r\n\t\t\t\t\t\t\t<span class=\"cat\"><a class=\"penci-cat-name penci-cat-5\" href=\"https:\/\/www.pracownialogistyka.pl\/index.php\/category\/blog\/\"  rel=\"category tag\">Blog<\/a><\/span>\r\n\t\t\t\r\n\t\t\t<h2 class=\"penci-entry-title entry-title grid-title\"><a href=\"https:\/\/www.pracownialogistyka.pl\/index.php\/2020\/11\/19\/import-towarow-z-chin-dramatyczne-stawki\/\">Import towar\u00f3w z Chin &#8211; dramatyczne stawki<\/a><\/h2>\r\n\t\t\t\t\t<div class=\"penci-hide-tagupdated\">\n\t\t\t<span class=\"author-italic author vcard\">by <a class=\"url fn n\" href=\"https:\/\/www.pracownialogistyka.pl\/index.php\/author\/admin\/\">admin<\/a><\/span>\n\t\t\t<time class=\"entry-date published\" datetime=\"2020-11-19T19:01:43+00:00\">19 listopada, 2020<\/time>\t\t<\/div>\n\t\t\t\t\t\t\t\t\t<div class=\"grid-post-box-meta\">\r\n\t\t\t\t\t\t\t\t\t\t\t<span class=\"otherl-date-author author-italic author vcard\">by <a class=\"url fn n\" href=\"https:\/\/www.pracownialogistyka.pl\/index.php\/author\/admin\/\">admin<\/a><\/span>\r\n\t\t\t\t\t\t\t\t\t\t\t\t\t\t\t\t<span class=\"otherl-date\"><time class=\"entry-date published\" datetime=\"2020-11-19T19:01:43+00:00\">19 listopada, 2020<\/time><\/span>\r\n\t\t\t\t\t\t\t\t\t\t\t\t\t\t\t\t\t\t\t\t\t\t\t\t<\/div>\r\n\t\t\t\t\t<\/div>\r\n\r\n\t\t\t\t\t<div class=\"item-content entry-content\">\r\n\t\t\t\t<p>Co si\u0119 dzieje ze stawkami za transport z Chin do Europy? Dlaczego trzeba czeka\u0107 na wolne miejsce na statku? Czemu kontenery s\u0105 rolowane? &#8230;<\/p>\n\t\t\t<\/div>\r\n\t\t\r\n\t\t\r\n\t\t\t<\/article>\r\n<\/li>\r\n<li class=\"grid-style\">\r\n\t<article id=\"post-234\" class=\"item hentry\">\r\n\t\t\t\t\t<div class=\"thumbnail\">\r\n\t\t\t\t\t\t\t\t\t\t\t\t<a class=\"penci-image-holder penci-lazy\" data-bgset=\"https:\/\/www.pracownialogistyka.pl\/wp-content\/uploads\/2020\/10\/stamp-5009727_640-585x390.png\" href=\"https:\/\/www.pracownialogistyka.pl\/index.php\/2020\/10\/04\/kto-dostarczyl-mi-paczke-reklamacja\/\" title=\"Kto dostarczy\u0142 mi paczk\u0119 ? \u2013 reklamacja\">\r\n\t\t\t\t<\/a>\r\n\t\t\t\t\r\n\t\t\t\t\t\t\t\t\t\t\t\t\t\t\t\t\t\t\t\t\t\t\t\t\t\t\t\t\t\t\t\t\t\t\t\t<\/div>\r\n\t\t\r\n\t\t<div class=\"grid-header-box\">\r\n\t\t\t\t\t\t\t<span class=\"cat\"><a class=\"penci-cat-name penci-cat-5\" href=\"https:\/\/www.pracownialogistyka.pl\/index.php\/category\/blog\/\"  rel=\"category tag\">Blog<\/a><\/span>\r\n\t\t\t\r\n\t\t\t<h2 class=\"penci-entry-title entry-title grid-title\"><a href=\"https:\/\/www.pracownialogistyka.pl\/index.php\/2020\/10\/04\/kto-dostarczyl-mi-paczke-reklamacja\/\">Kto dostarczy\u0142 mi paczk\u0119 ? \u2013 reklamacja<\/a><\/h2>\r\n\t\t\t\t\t<div class=\"penci-hide-tagupdated\">\n\t\t\t<span class=\"author-italic author vcard\">by <a class=\"url fn n\" href=\"https:\/\/www.pracownialogistyka.pl\/index.php\/author\/admin\/\">admin<\/a><\/span>\n\t\t\t<time class=\"entry-date published\" datetime=\"2020-10-04T20:04:11+00:00\">4 pa\u017adziernika, 2020<\/time>\t\t<\/div>\n\t\t\t\t\t\t\t\t\t<div class=\"grid-post-box-meta\">\r\n\t\t\t\t\t\t\t\t\t\t\t<span class=\"otherl-date-author author-italic author vcard\">by <a class=\"url fn n\" href=\"https:\/\/www.pracownialogistyka.pl\/index.php\/author\/admin\/\">admin<\/a><\/span>\r\n\t\t\t\t\t\t\t\t\t\t\t\t\t\t\t\t<span class=\"otherl-date\"><time class=\"entry-date published\" datetime=\"2020-10-04T20:04:11+00:00\">4 pa\u017adziernika, 2020<\/time><\/span>\r\n\t\t\t\t\t\t\t\t\t\t\t\t\t\t\t\t\t\t\t\t\t\t\t\t<\/div>\r\n\t\t\t\t\t<\/div>\r\n\r\n\t\t\t\t\t<div class=\"item-content entry-content\">\r\n\t\t\t\t<p>Kilka dni temu w artykule dotycz\u0105cym stron bior\u0105cych udzia\u0142 w procesie transportu, opisywa\u0142am w jaki spos\u00f3b otrzymujemy paczki zakupione przez Internet. Inspiracj\u0119 do &#8230;<\/p>\n\t\t\t<\/div>\r\n\t\t\r\n\t\t\r\n\t\t\t<\/article>\r\n<\/li>\r\n\r\n\t\t\t\t\t\t\t\t\t\t\t\t\t\t\t\t\t\t\t\t\t\t\t\t\t<\/ul>\r\n\r\n\t\t\t\t\t\t\t\t\t\t\t\t<div class=\"penci-pagination align-left\"><ul class='page-numbers'>\n\t<li><span aria-current=\"page\" class=\"page-numbers current\">1<\/span><\/li>\n\t<li><a class=\"page-numbers\" href=\"https:\/\/www.pracownialogistyka.pl\/index.php\/wp-json\/wp\/v2\/pages\/14\/page\/2\/\">2<\/a><\/li>\n\t<li><a class=\"page-numbers\" href=\"https:\/\/www.pracownialogistyka.pl\/index.php\/wp-json\/wp\/v2\/pages\/14\/page\/3\/\">3<\/a><\/li>\n\t<li><a class=\"next page-numbers\" href=\"https:\/\/www.pracownialogistyka.pl\/index.php\/wp-json\/wp\/v2\/pages\/14\/page\/2\/\"><i class=\"penci-faicon fa fa-angle-right\" ><\/i><\/a><\/li>\n<\/ul>\n<\/div>\t\t\t\t\t\t                    <\/div>\r\n                <\/div>\r\n\t\t\t            <style>\r\n                                                                                                                                #pencilatest_posts_64107\t\t\t\t.list-post .header-list-style:after,\r\n                #pencilatest_posts_64107 .grid-header-box:after,\r\n                #pencilatest_posts_64107 .penci-overlay-over .overlay-header-box:after,\r\n                #pencilatest_posts_64107 .home-featured-cat-content .first-post .magcat-detail .mag-header:after {\r\n\t\t\t\t\tcontent: none;\r\n\t\t\t\t}\r\n                #pencilatest_posts_64107\t\t\t\t.list-post .header-list-style, #pencilatest_posts_64107 .grid-header-box,\r\n                #pencilatest_posts_64107 .penci-overlay-over .overlay-header-box,\r\n                #pencilatest_posts_64107 .home-featured-cat-content .first-post .magcat-detail .mag-header {\r\n\t\t\t\t\tpadding-bottom: 0;\r\n\t\t\t\t}\r\n                                                                            <\/style>\r\n\t\t\t\t\t\t\t<\/div>\n\t\t\t\t<\/div>\n\t\t\t\t\t<\/div>\n\t\t<\/div>\n\t\t\t\t\t<\/div>\n\t\t<\/section>\n\t\t\t\t<\/div>\n\t\t","protected":false},"excerpt":{"rendered":"<p>BLOG Aktualno\u015bci, newsy z bran\u017cy, logistyka w teorii i w praktyce Blog Logistyka globalna by admin 24 lutego, 2022 by admin 24 lutego, 2022 Temat bardzo na czasie jak si\u0119&hellip;<\/p>\n","protected":false},"author":1,"featured_media":0,"parent":0,"menu_order":0,"comment_status":"closed","ping_status":"closed","template":"page-fullwidth.php","meta":{"footnotes":""},"class_list":["post-14","page","type-page","status-publish","hentry"],"yoast_head":"<!-- This site is optimized with the Yoast SEO plugin v27.1.1 - https:\/\/yoast.com\/product\/yoast-seo-wordpress\/ -->\n<title>BLOG - Pracownia Logistyka<\/title>\n<meta name=\"robots\" content=\"index, follow, max-snippet:-1, max-image-preview:large, max-video-preview:-1\" \/>\n<link rel=\"canonical\" href=\"https:\/\/www.pracownialogistyka.pl\/index.php\/informacje\/\" \/>\n<meta property=\"og:locale\" content=\"pl_PL\" \/>\n<meta property=\"og:type\" content=\"article\" \/>\n<meta property=\"og:title\" content=\"BLOG - Pracownia Logistyka\" \/>\n<meta property=\"og:description\" content=\"BLOG Aktualno\u015bci, newsy z bran\u017cy, logistyka w teorii i w praktyce Blog Logistyka globalna by admin 24 lutego, 2022 by admin 24 lutego, 2022 Temat bardzo na czasie jak si\u0119&hellip;\" \/>\n<meta property=\"og:url\" content=\"https:\/\/www.pracownialogistyka.pl\/index.php\/informacje\/\" \/>\n<meta property=\"og:site_name\" content=\"Pracownia Logistyka\" \/>\n<meta property=\"article:modified_time\" content=\"2026-03-11T10:05:28+00:00\" \/>\n<meta name=\"twitter:card\" content=\"summary_large_image\" \/>\n<meta name=\"twitter:label1\" content=\"Szacowany czas czytania\" \/>\n\t<meta name=\"twitter:data1\" content=\"2 minuty\" \/>\n<script type=\"application\/ld+json\" class=\"yoast-schema-graph\">{\"@context\":\"https:\/\/schema.org\",\"@graph\":[{\"@type\":\"WebPage\",\"@id\":\"https:\/\/www.pracownialogistyka.pl\/index.php\/informacje\/\",\"url\":\"https:\/\/www.pracownialogistyka.pl\/index.php\/informacje\/\",\"name\":\"BLOG - Pracownia Logistyka\",\"isPartOf\":{\"@id\":\"https:\/\/www.pracownialogistyka.pl\/#website\"},\"datePublished\":\"2019-11-27T02:58:48+00:00\",\"dateModified\":\"2026-03-11T10:05:28+00:00\",\"breadcrumb\":{\"@id\":\"https:\/\/www.pracownialogistyka.pl\/index.php\/informacje\/#breadcrumb\"},\"inLanguage\":\"pl-PL\",\"potentialAction\":[{\"@type\":\"ReadAction\",\"target\":[\"https:\/\/www.pracownialogistyka.pl\/index.php\/informacje\/\"]}]},{\"@type\":\"BreadcrumbList\",\"@id\":\"https:\/\/www.pracownialogistyka.pl\/index.php\/informacje\/#breadcrumb\",\"itemListElement\":[{\"@type\":\"ListItem\",\"position\":1,\"name\":\"Strona g\u0142\u00f3wna\",\"item\":\"https:\/\/www.pracownialogistyka.pl\/\"},{\"@type\":\"ListItem\",\"position\":2,\"name\":\"BLOG\"}]},{\"@type\":\"WebSite\",\"@id\":\"https:\/\/www.pracownialogistyka.pl\/#website\",\"url\":\"https:\/\/www.pracownialogistyka.pl\/\",\"name\":\"Pracownia Logistyka\",\"description\":\"Doradca ADR | Agent Celny | Logistyka mi\u0119dzynarodowa i import z Azji | Pomagam firmom M\u015aP uporz\u0105dkowa\u0107 procesy transportowe\",\"publisher\":{\"@id\":\"https:\/\/www.pracownialogistyka.pl\/#organization\"},\"potentialAction\":[{\"@type\":\"SearchAction\",\"target\":{\"@type\":\"EntryPoint\",\"urlTemplate\":\"https:\/\/www.pracownialogistyka.pl\/?s={search_term_string}\"},\"query-input\":{\"@type\":\"PropertyValueSpecification\",\"valueRequired\":true,\"valueName\":\"search_term_string\"}}],\"inLanguage\":\"pl-PL\"},{\"@type\":\"Organization\",\"@id\":\"https:\/\/www.pracownialogistyka.pl\/#organization\",\"name\":\"Pracownia Logistyka\",\"url\":\"https:\/\/www.pracownialogistyka.pl\/\",\"logo\":{\"@type\":\"ImageObject\",\"inLanguage\":\"pl-PL\",\"@id\":\"https:\/\/www.pracownialogistyka.pl\/#\/schema\/logo\/image\/\",\"url\":\"https:\/\/www.pracownialogistyka.pl\/wp-content\/uploads\/2020\/07\/PL-logo-150dpi.jpg\",\"contentUrl\":\"https:\/\/www.pracownialogistyka.pl\/wp-content\/uploads\/2020\/07\/PL-logo-150dpi.jpg\",\"width\":742,\"height\":258,\"caption\":\"Pracownia Logistyka\"},\"image\":{\"@id\":\"https:\/\/www.pracownialogistyka.pl\/#\/schema\/logo\/image\/\"}}]}<\/script>\n<!-- \/ Yoast SEO plugin. -->","yoast_head_json":{"title":"BLOG - Pracownia Logistyka","robots":{"index":"index","follow":"follow","max-snippet":"max-snippet:-1","max-image-preview":"max-image-preview:large","max-video-preview":"max-video-preview:-1"},"canonical":"https:\/\/www.pracownialogistyka.pl\/index.php\/informacje\/","og_locale":"pl_PL","og_type":"article","og_title":"BLOG - Pracownia Logistyka","og_description":"BLOG Aktualno\u015bci, newsy z bran\u017cy, logistyka w teorii i w praktyce Blog Logistyka globalna by admin 24 lutego, 2022 by admin 24 lutego, 2022 Temat bardzo na czasie jak si\u0119&hellip;","og_url":"https:\/\/www.pracownialogistyka.pl\/index.php\/informacje\/","og_site_name":"Pracownia Logistyka","article_modified_time":"2026-03-11T10:05:28+00:00","twitter_card":"summary_large_image","twitter_misc":{"Szacowany czas czytania":"2 minuty"},"schema":{"@context":"https:\/\/schema.org","@graph":[{"@type":"WebPage","@id":"https:\/\/www.pracownialogistyka.pl\/index.php\/informacje\/","url":"https:\/\/www.pracownialogistyka.pl\/index.php\/informacje\/","name":"BLOG - Pracownia Logistyka","isPartOf":{"@id":"https:\/\/www.pracownialogistyka.pl\/#website"},"datePublished":"2019-11-27T02:58:48+00:00","dateModified":"2026-03-11T10:05:28+00:00","breadcrumb":{"@id":"https:\/\/www.pracownialogistyka.pl\/index.php\/informacje\/#breadcrumb"},"inLanguage":"pl-PL","potentialAction":[{"@type":"ReadAction","target":["https:\/\/www.pracownialogistyka.pl\/index.php\/informacje\/"]}]},{"@type":"BreadcrumbList","@id":"https:\/\/www.pracownialogistyka.pl\/index.php\/informacje\/#breadcrumb","itemListElement":[{"@type":"ListItem","position":1,"name":"Strona g\u0142\u00f3wna","item":"https:\/\/www.pracownialogistyka.pl\/"},{"@type":"ListItem","position":2,"name":"BLOG"}]},{"@type":"WebSite","@id":"https:\/\/www.pracownialogistyka.pl\/#website","url":"https:\/\/www.pracownialogistyka.pl\/","name":"Pracownia Logistyka","description":"Doradca ADR | Agent Celny | Logistyka mi\u0119dzynarodowa i import z Azji | Pomagam firmom M\u015aP uporz\u0105dkowa\u0107 procesy transportowe","publisher":{"@id":"https:\/\/www.pracownialogistyka.pl\/#organization"},"potentialAction":[{"@type":"SearchAction","target":{"@type":"EntryPoint","urlTemplate":"https:\/\/www.pracownialogistyka.pl\/?s={search_term_string}"},"query-input":{"@type":"PropertyValueSpecification","valueRequired":true,"valueName":"search_term_string"}}],"inLanguage":"pl-PL"},{"@type":"Organization","@id":"https:\/\/www.pracownialogistyka.pl\/#organization","name":"Pracownia Logistyka","url":"https:\/\/www.pracownialogistyka.pl\/","logo":{"@type":"ImageObject","inLanguage":"pl-PL","@id":"https:\/\/www.pracownialogistyka.pl\/#\/schema\/logo\/image\/","url":"https:\/\/www.pracownialogistyka.pl\/wp-content\/uploads\/2020\/07\/PL-logo-150dpi.jpg","contentUrl":"https:\/\/www.pracownialogistyka.pl\/wp-content\/uploads\/2020\/07\/PL-logo-150dpi.jpg","width":742,"height":258,"caption":"Pracownia Logistyka"},"image":{"@id":"https:\/\/www.pracownialogistyka.pl\/#\/schema\/logo\/image\/"}}]}},"_links":{"self":[{"href":"https:\/\/www.pracownialogistyka.pl\/index.php\/wp-json\/wp\/v2\/pages\/14","targetHints":{"allow":["GET"]}}],"collection":[{"href":"https:\/\/www.pracownialogistyka.pl\/index.php\/wp-json\/wp\/v2\/pages"}],"about":[{"href":"https:\/\/www.pracownialogistyka.pl\/index.php\/wp-json\/wp\/v2\/types\/page"}],"author":[{"embeddable":true,"href":"https:\/\/www.pracownialogistyka.pl\/index.php\/wp-json\/wp\/v2\/users\/1"}],"replies":[{"embeddable":true,"href":"https:\/\/www.pracownialogistyka.pl\/index.php\/wp-json\/wp\/v2\/comments?post=14"}],"version-history":[{"count":13,"href":"https:\/\/www.pracownialogistyka.pl\/index.php\/wp-json\/wp\/v2\/pages\/14\/revisions"}],"predecessor-version":[{"id":1850,"href":"https:\/\/www.pracownialogistyka.pl\/index.php\/wp-json\/wp\/v2\/pages\/14\/revisions\/1850"}],"wp:attachment":[{"href":"https:\/\/www.pracownialogistyka.pl\/index.php\/wp-json\/wp\/v2\/media?parent=14"}],"curies":[{"name":"wp","href":"https:\/\/api.w.org\/{rel}","templated":true}]}}